{"id":13507,"date":"2020-05-19T21:06:54","date_gmt":"2020-05-19T20:06:54","guid":{"rendered":"https:\/\/seayou.com\/politica-de-privacidad\/"},"modified":"2025-04-07T12:12:55","modified_gmt":"2025-04-07T11:12:55","slug":"politica-de-privacidad","status":"publish","type":"page","link":"https:\/\/seayou.com\/es\/politica-de-privacidad\/","title":{"rendered":"Politica de Privacidad"},"content":{"rendered":"\t\t<div data-elementor-type=\"wp-page\" data-elementor-id=\"13507\" class=\"elementor elementor-13507 elementor-1236\" data-elementor-post-type=\"page\">\n\t\t\t\t\t\t<section class=\"elementor-section elementor-top-section elementor-element elementor-element-4a2bee0f elementor-section-boxed elementor-section-height-default elementor-section-height-default\" data-id=\"4a2bee0f\" data-element_type=\"section\" data-e-type=\"section\">\n\t\t\t\t\t\t<div class=\"elementor-container elementor-column-gap-default\">\n\t\t\t\t\t<div class=\"aux-parallax-section elementor-column elementor-col-100 elementor-top-column elementor-element elementor-element-71242bb\" data-id=\"71242bb\" data-element_type=\"column\" data-e-type=\"column\">\n\t\t\t<div class=\"elementor-widget-wrap elementor-element-populated\">\n\t\t\t\t\t\t<div class=\"elementor-element elementor-element-6b98cb1 elementor-widget elementor-widget-aux_breadcrumbs\" data-id=\"6b98cb1\" data-element_type=\"widget\" data-e-type=\"widget\" data-widget_type=\"aux_breadcrumbs.default\">\n\t\t\t\t<div class=\"elementor-widget-container\">\n\t\t\t\t\t<div class=\"aux-elementor-breadcrumbs\"><p class=\"aux-breadcrumbs\"><span class=\"aux-breadcrumb-sep breadcrumb-icon Array\"><\/span><span><a href=\"https:\/\/seayou.com\/es\/\" title=\"Home\">Home<\/a><\/span><\/div>\t\t\t\t<\/div>\n\t\t\t\t<\/div>\n\t\t\t\t<div class=\"elementor-element elementor-element-7938eff8 elementor-widget elementor-widget-text-editor\" data-id=\"7938eff8\" data-element_type=\"widget\" data-e-type=\"widget\" data-widget_type=\"text-editor.default\">\n\t\t\t\t<div class=\"elementor-widget-container\">\n\t\t\t\t\t\t\t\t\t<h1 class=\"tm6 tm7\"><strong> Politica de Privacidad<\/strong><\/h1><h2 class=\"tm6 tm8\"><strong>Declaraci\u00f3n de protecci\u00f3n de datos personales<\/strong><\/h2><p class=\"Normal tm6\">Esta Declaraci\u00f3n de protecci\u00f3n de datos personales de Plavi bob d.o.o., Riva 6, 21405 Milna se basa en el Reglamento general de protecci\u00f3n de datos.<br \/>Plavi bob d.o.o., Riva 6, 21405 Milna procesar\u00e1 sus datos personales de acuerdo con el Reglamento (UE) 2016\/679 relativo a la protecci\u00f3n de las personas f\u00edsicas en lo que respecta al procesamiento de datos personales y a la libre circulaci\u00f3n de dichos datos. y las leyes nacionales basadas en dicho Reglamento, con la aplicaci\u00f3n de medidas t\u00e9cnicas y de seguridad adecuadas para la protecci\u00f3n de los datos personales contra el acceso no autorizado, mal uso, detecci\u00f3n, p\u00e9rdida o destrucci\u00f3n.<br \/>Esta Declaraci\u00f3n describe qu\u00e9 datos recopilamos, c\u00f3mo los procesamos y para qu\u00e9 fines los utilizamos, as\u00ed como sus derechos asociados con sus datos.<\/p><h2 class=\"tm6 tm8\"><strong>Responsable del tratamiento de datos:<\/strong><\/h2><p class=\"Normal tm6\">Plavi bob d.o.o., Riva 6, 21405 Milna<\/p><p>Si utilizamos los servicios de proveedores externos para procesar sus datos personales, este es un procesamiento (de datos personales) por encargo, en cuyo caso tambi\u00e9n nos encargamos de proteger sus datos personales.<\/p><h2 class=\"tm6 tm8\"><strong>Tipos de datos personales que procesamos<\/strong><\/h2><p class=\"Normal tm6\">Utilizamos los siguientes datos personales:<br \/>Datos maestros: Nombre y apellidos, fecha de nacimiento, pa\u00eds de nacimiento, nacionalidad, n\u00famero de identificaci\u00f3n personal, NIF<br \/>Datos de direcci\u00f3n y datos de contacto: ciudad, direcci\u00f3n de correo electr\u00f3nico, n\u00famero de tel\u00e9fono m\u00f3vil.<br \/>Otros datos: tipo de documento de identidad, n\u00famero de documento de identidad, fecha de embarque, puerto de embarque, nombre del barco, n\u00famero de licencia de patr\u00f3n, n\u00famero de licencia VHF, n\u00famero de tarjeta de cr\u00e9dito, n\u00famero de reserva, coordenadas GPS de navegaci\u00f3n, registros de videovigilancia de nuestras instalaciones, su direcci\u00f3n IP durante la visita a nuestros sitios web, cualquier informaci\u00f3n adicional que proporcione (por ejemplo, cualquier problema de salud o similar).<\/p><h2 class=\"tm6 tm8\"><strong>Base jur\u00eddica y finalidades del tratamiento de datos personales<\/strong><\/h2><p class=\"Normal tm6\">Todo tipo de datos personales se procesan en base a:<br \/>a) Obligaciones legales: procesamos sus datos personales de acuerdo con la normativa vigente, as\u00ed como para los fines de notificaci\u00f3n y registro que estamos obligados a realizar de acuerdo con la normativa vigente (por ejemplo, el Reglamento sobre las condiciones de prestaci\u00f3n de servicios). de fletamento con o sin tripulaci\u00f3n y alojamiento de invitados en el buque, celebraci\u00f3n de un acuerdo sobre la prestaci\u00f3n de fletamento de buques).<br \/>b) Cumplimiento del acuerdo: procesamos sus datos personales con el fin de cumplir el acuerdo y las obligaciones contractuales que hemos celebrado.<br \/>c) Consentimiento que nos ha dado para procesar sus datos personales con el fin de enviar ofertas promocionales y otra informaci\u00f3n relacionada con el negocio, con el fin de evaluar la satisfacci\u00f3n despu\u00e9s del per\u00edodo de alquiler y con el fin de contactarlo.<br \/>d) Inter\u00e9s leg\u00edtimo del Responsable: todos sus datos se procesan con el fin de cumplir con las obligaciones del \u00f3rgano legislativo (por ejemplo, el Reglamento sobre las condiciones para la prestaci\u00f3n de servicios de fletamento con o sin tripulaci\u00f3n y el alojamiento de invitados en el barco) o para cumplir con obligaciones contractuales. y celebrar acuerdos, p.e. Contrato de alquiler de embarcaciones.<br \/>Recopilamos datos personales de nuestros clientes personalmente, en ferias, a trav\u00e9s de sitios web, correos electr\u00f3nicos y por tel\u00e9fono o los recibimos de otras agencias de viajes.<\/p><h2 class=\"tm6 tm8\"><strong>Periodo de retenci\u00f3n<\/strong><\/h2><p class=\"Normal tm6\">Eliminaremos sus datos personales al finalizar la relaci\u00f3n contractual y a m\u00e1s tardar cuando expiren los requisitos legales relacionados con la retenci\u00f3n de datos personales.<\/p><h2 class=\"tm6 tm8\"><strong>Gesti\u00f3n del consentimiento<\/strong><\/h2><p class=\"Normal tm6\">Puede revocar su consentimiento en cualquier momento. Tambi\u00e9n puede, en cualquier momento, oponerse a nuestro procesamiento de sus datos personales.<br \/>Puede cambiar su consentimiento mediante una solicitud por escrito a la siguiente direcci\u00f3n: Plavi bob d.o.o., Riva 6, 21405 Milna o por <u><a href=\"mailto:booking@seayou.com\">correo electr\u00f3nico<\/a><\/u>. Si revocas el consentimiento prestado, ya no utilizaremos tus datos para dichas finalidades. Si desea volver a dar su consentimiento, puede hacerlo.<br \/>En el caso del procesamiento de sus datos personales que no requiera su consentimiento y que sea necesario para la celebraci\u00f3n de un acuerdo con nosotros o el cumplimiento del acuerdo celebrado, o debido a obligaciones que tenemos seg\u00fan la ley, si no proporciona Si nos env\u00eda estos datos, no podremos cumplir con nuestras obligaciones contractuales con usted ni podremos celebrar un acuerdo con usted.<\/p><h2 class=\"tm6 tm8\"><strong>Derechos de los interesados<\/strong><\/h2><p class=\"Normal tm6\">a) Derecho de acceso a los datos y a la informaci\u00f3n sobre el procesamiento de datos personales, es decir, si el controlador procesa o no datos personales de los interesados \u200b\u200by si los datos se procesan, cu\u00e1l es el prop\u00f3sito de este procesamiento, categor\u00edas de datos personales en cuesti\u00f3n, etc.<br \/>b) Derecho de rectificaci\u00f3n: Si tratamos tus datos personales que sean incompletos o inexactos, podr\u00e1s solicitarnos que los corrijamos o completemos en cualquier momento.<br \/>c) Derecho de supresi\u00f3n: Puede solicitarnos que eliminemos sus datos personales si los hemos procesado ilegalmente o si ese procesamiento representa una interferencia desproporcionada con sus intereses protegidos. Tenga en cuenta que, por algunos motivos, no es posible la eliminaci\u00f3n inmediata. Por ejemplo, por las obligaciones de archivo que marca la ley.<br \/>d) Derecho a la portabilidad de los datos: Puede solicitarnos que le proporcionemos los datos que nos ha confiado de forma estructurada, en un formato est\u00e1ndar legible por m\u00e1quina: \u2022 Si procesamos estos datos sobre la base del consentimiento que nos ha dado y que usted puede revocar o para el cumplimiento de nuestro acuerdo y \u2022 si el procesamiento se realiza mediante procesos automatizados.<br \/>e) Derecho a oponerse: Si distribuimos su informaci\u00f3n con el fin de realizar una tarea de inter\u00e9s p\u00fablico o una tarea de organismos p\u00fablicos, o cuando al procesar su informaci\u00f3n invocamos nuestros intereses leg\u00edtimos, puede presentar una objeci\u00f3n contra dicho procesamiento de datos. si existe inter\u00e9s en proteger sus datos.<br \/>f) Derecho a oponerse a la autoridad competente: si cree que al procesar sus datos hemos violado las normas de protecci\u00f3n de datos croatas o europeas, comun\u00edquese con nosotros para resolver cualquier problema. Sin duda, tiene derecho a presentar una reclamaci\u00f3n ante la Agencia Croata de Protecci\u00f3n de Datos.<br \/>h) Ejercicio de derechos: Si desea ejercer cualquiera de los derechos antes mencionados, comun\u00edquese con nosotros utilizando nuestra informaci\u00f3n de contacto a que se refiere el art\u00edculo 1 de esta Declaraci\u00f3n.<br \/>i) Confirmaci\u00f3n de identidad: En caso de duda podemos solicitar informaci\u00f3n adicional para verificar su identidad. Esto sirve para proteger sus derechos y su esfera privada.<br \/>j) Uso indebido de derechos: si ejecuta cualquiera de estos derechos con demasiada frecuencia y con intenci\u00f3n obvia de uso indebido, podremos cobrarle una tarifa administrativa o negarnos a procesar su solicitud.<br \/>k) Derecho de limitaci\u00f3n del tratamiento: Podr\u00e1 solicitar la limitaci\u00f3n del tratamiento de sus datos:<br \/>&#8211; Si cuestiona la exactitud de sus datos durante un per\u00edodo que nos permita verificar estos datos.<br \/>&#8211; Si el tratamiento de sus datos fue il\u00edcito, pero usted rechaza la supresi\u00f3n y solicita en su lugar la limitaci\u00f3n del uso de dichos datos.<br \/>&#8211; Si ya no necesitamos los datos para las finalidades previstas, pero usted a\u00fan los necesita para el cumplimiento de requisitos legales o si se ha presentado una oposici\u00f3n al tratamiento de estos datos.<\/p><h2 class=\"tm6 tm8\"><strong>Transferencia de datos a terceros<\/strong><\/h2><p class=\"Normal tm6\">Conservaremos sus datos personales y no los comunicaremos ni los pondremos a disposici\u00f3n de terceros excepto en los siguientes casos:<br \/>&#8211; Si usted acepta expl\u00edcitamente y por escrito revelar ciertos datos confidenciales para un prop\u00f3sito particular o a una persona en particular.<br \/>\u2013 Si el Ministerio del Interior o la Abogac\u00eda del Estado competente requieren los datos para el desarrollo de las funciones de su competencia.<br \/>\u2013 Si un tribunal, abogado o notario requiere los datos para sus actuaciones, cuando la presentaci\u00f3n de dichos datos se requiera por escrito.<br \/>\u2013 Si la Administraci\u00f3n Tributaria, el Instituto Croata del Seguro de Pensiones y el Fondo Croata del Seguro M\u00e9dico requieren los datos sobre la base de las obligaciones legales que el responsable del tratamiento tiene hacia ellos.<br \/>\u2013 Si estamos obligados a remitir datos al Ministerio de Asuntos Mar\u00edtimos, Transportes e Infraestructuras.<\/p><h2 class=\"tm6 tm8\"><strong>Transferencia de datos a terceros pa\u00edses<\/strong><\/h2><p class=\"Normal tm6\">La transferencia de datos a terceros pa\u00edses (pa\u00edses fuera de la UE) se realiza \u00fanicamente:<br \/>&#8211; si existe una obligaci\u00f3n legal<br \/>&#8211; si la transferencia es necesaria para el cumplimiento de obligaciones contractuales<br \/>&#8211; si ha dado su consentimiento expl\u00edcito<\/p><h2 class=\"tm6 tm8\"><strong>Uso de servicios digitales (sitio web, aplicaciones)<\/strong><\/h2><p class=\"Normal tm6\">Recopilamos \u00fanicamente aquellos datos personales que los visitantes de nuestro sitio web oficial ponen voluntariamente a nuestra disposici\u00f3n al enviar informaci\u00f3n de contacto, solicitar empleo, utilizar servicios de devoluci\u00f3n de llamadas y presentar formularios de queja. Estos datos personales se utilizan de forma confidencial y \u00fanicamente para un fin espec\u00edfico. No se realiza cesi\u00f3n de estos datos personales a terceros, salvo obligaci\u00f3n legal o orden del organismo oficial cuando dichos datos personales puedan ser transmitidos a la autoridad competente. El acceso al sitio web est\u00e1 protocolizado y en ese momento se registran datos t\u00e9cnicos como el tr\u00e1fico del sitio web, el sistema operativo utilizado, la resoluci\u00f3n de la pantalla, la hora de la visita y el tama\u00f1o de los datos transferidos.<br \/>Para mejorar nuestra oferta, los sitios web contienen \u00abcookies\u00bb que se almacenan en las computadoras de los visitantes del sitio web. Se puede evitar el almacenamiento de \u00abcookies\u00bb, pero esto puede limitar las ofertas del sitio web. Las \u00abcookies\u00bb brindan la capacidad de almacenar las preferencias t\u00edpicas de los visitantes del sitio web, optimizar los procesos t\u00e9cnicos y mejorar continuamente la oferta.<br \/>Hemos tomado todas las medidas t\u00e9cnicas y organizativas para proteger sus datos contra p\u00e9rdida, alteraci\u00f3n o acceso de terceros. En caso de que tenga alguna pregunta, no dude en ponerse en contacto con nosotros y responderemos lo antes posible a sus solicitudes y consultas y le ayudaremos en el ejercicio de sus derechos.<br \/>Cualquier cambio en nuestra pol\u00edtica de protecci\u00f3n de datos personales ser\u00e1 divulgado en nuestra Declaraci\u00f3n de Protecci\u00f3n de Datos Personales y en nuestro sitio web, y usted ser\u00e1 adecuadamente informado sobre ellos.<\/p><h2 class=\"tm6 tm8\"><strong>Declaraci\u00f3n de seguridad<\/strong><\/h2><p class=\"Normal tm6\">Hemos tomado todas las medidas razonables para implementar medidas de seguridad adecuadas para proteger su informaci\u00f3n.<\/p><h2 class=\"tm6 tm8\"><strong>Cambios a esta pol\u00edtica<\/strong><\/h2><p class=\"Normal tm6\">Cualquier cambio a esta Pol\u00edtica se publicar\u00e1 en nuestro sitio web, folleto y\/o estar\u00e1 disponible previa solicitud.<\/p><p class=\"Normal\">\u00a0<\/p>\t\t\t\t\t\t\t\t<\/div>\n\t\t\t\t<\/div>\n\t\t\t\t\t<\/div>\n\t\t<\/div>\n\t\t\t\t\t<\/div>\n\t\t<\/section>\n\t\t\t\t<\/div>\n\t\t","protected":false},"excerpt":{"rendered":"<p>Home Politica de Privacidad Declaraci\u00f3n de protecci\u00f3n de datos personales Esta Declaraci\u00f3n de protecci\u00f3n de datos personales de Plavi bob d.o.o., Riva 6, 21405 Milna se basa en el Reglamento general de protecci\u00f3n de datos.Plavi bob d.o.o., Riva 6, 21405 Milna procesar\u00e1 sus datos personales de acuerdo con el Reglamento (UE) 2016\/679 relativo a la [&hellip;]<\/p>\n","protected":false},"author":1,"featured_media":0,"parent":0,"menu_order":0,"comment_status":"closed","ping_status":"closed","template":"","meta":{"_joinchat":[],"footnotes":""},"class_list":["post-13507","page","type-page","status-publish","hentry"],"_links":{"self":[{"href":"https:\/\/seayou.com\/es\/wp-json\/wp\/v2\/pages\/13507","targetHints":{"allow":["GET"]}}],"collection":[{"href":"https:\/\/seayou.com\/es\/wp-json\/wp\/v2\/pages"}],"about":[{"href":"https:\/\/seayou.com\/es\/wp-json\/wp\/v2\/types\/page"}],"author":[{"embeddable":true,"href":"https:\/\/seayou.com\/es\/wp-json\/wp\/v2\/users\/1"}],"replies":[{"embeddable":true,"href":"https:\/\/seayou.com\/es\/wp-json\/wp\/v2\/comments?post=13507"}],"version-history":[{"count":3,"href":"https:\/\/seayou.com\/es\/wp-json\/wp\/v2\/pages\/13507\/revisions"}],"predecessor-version":[{"id":16164,"href":"https:\/\/seayou.com\/es\/wp-json\/wp\/v2\/pages\/13507\/revisions\/16164"}],"wp:attachment":[{"href":"https:\/\/seayou.com\/es\/wp-json\/wp\/v2\/media?parent=13507"}],"curies":[{"name":"wp","href":"https:\/\/api.w.org\/{rel}","templated":true}]}}